
	
{"id":15,"date":"2022-06-24T16:11:25","date_gmt":"2022-06-24T14:11:25","guid":{"rendered":"http:\/\/web616.login-15.loginserver.ch\/?page_id=15"},"modified":"2022-06-26T17:48:49","modified_gmt":"2022-06-26T15:48:49","slug":"region","status":"publish","type":"page","link":"https:\/\/www.cresta.ch\/fr\/region\/","title":{"rendered":"R\u00e9gion"},"content":{"rendered":"<p><\/p>\n<h1>R\u00e9gion<\/h1>\n<p>Notre h\u00f4tel Cresta se trouve au centre de la r\u00e9gion touristique Flims Laax Falera, dans la Surselva. Le tourisme de Flims a une longue tradition de plus de 110 ans. D\u00e8s le 19\u00e8me si\u00e8cle d\u00e9j\u00e0, les touristes afflu\u00e8rent dans la r\u00e9gion pour profiter de l\u2019air pur de la montagne, fuir la vie tr\u00e9pidante de la ville, se baigner dans le lac Cauma\u2026 Venez vous aussi d\u00e9couvrir cette r\u00e9gion fantastique et, comme bien des voyageurs avant vous, profiter des paysages de montagne si impressionants, de la nature intacte et de l\u2019accueil chaleureux de vos h\u00f4tes.<\/p>","protected":false},"excerpt":{"rendered":"<p>R\u00e9gion Notre h\u00f4tel Cresta se trouve au centre de la r\u00e9gion touristique Flims Laax Falera, dans la Surselva. Le tourisme de Flims a une longue tradition de plus de 110 ans. D\u00e8s le 19\u00e8me si\u00e8cle d\u00e9j\u00e0, les touristes afflu\u00e8rent dans la r\u00e9gion pour profiter de l\u2019air pur de la montagne, fuir la vie tr\u00e9pidante de&#8230;  <a class=\"excerpt-read-more\" href=\"https:\/\/www.cresta.ch\/fr\/region\/\" title=\"Read R\u00e9gion\">Read more &raquo;<\/a><\/p>\n","protected":false},"author":1,"featured_media":0,"parent":0,"menu_order":21,"comment_status":"open","ping_status":"closed","template":"tp-region.php","meta":{"ngg_post_thumbnail":0,"footnotes":"","_links_to":"","_links_to_target":""},"class_list":["post-15","page","type-page","status-publish","hentry"],"_links":{"self":[{"href":"https:\/\/www.cresta.ch\/fr\/wp-json\/wp\/v2\/pages\/15","targetHints":{"allow":["GET"]}}],"collection":[{"href":"https:\/\/www.cresta.ch\/fr\/wp-json\/wp\/v2\/pages"}],"about":[{"href":"https:\/\/www.cresta.ch\/fr\/wp-json\/wp\/v2\/types\/page"}],"author":[{"embeddable":true,"href":"https:\/\/www.cresta.ch\/fr\/wp-json\/wp\/v2\/users\/1"}],"replies":[{"embeddable":true,"href":"https:\/\/www.cresta.ch\/fr\/wp-json\/wp\/v2\/comments?post=15"}],"version-history":[{"count":5,"href":"https:\/\/www.cresta.ch\/fr\/wp-json\/wp\/v2\/pages\/15\/revisions"}],"predecessor-version":[{"id":5509,"href":"https:\/\/www.cresta.ch\/fr\/wp-json\/wp\/v2\/pages\/15\/revisions\/5509"}],"wp:attachment":[{"href":"https:\/\/www.cresta.ch\/fr\/wp-json\/wp\/v2\/media?parent=15"}],"curies":[{"name":"wp","href":"https:\/\/api.w.org\/{rel}","templated":true}]}}