
	
{"id":3305,"date":"2022-05-17T15:00:55","date_gmt":"2022-05-17T13:00:55","guid":{"rendered":"https:\/\/www.cresta.ch\/?page_id=3305"},"modified":"2025-05-13T10:36:57","modified_gmt":"2025-05-13T08:36:57","slug":"biken","status":"publish","type":"page","link":"https:\/\/www.cresta.ch\/fr\/region\/sommer\/biken\/","title":{"rendered":"(Deutsch) Biken"},"content":{"rendered":"<p><\/p>\n<h1 style=\"text-align: center;\">Flims est une pure aventure de v\u00e9lo<br \/>\net au Cresta, vous trouverez la d\u00e9tente pure<\/h1>\n<h2 style=\"text-align: center;\">Le v\u00e9lo plaisir| Plaisir du trail| Paradis du v\u00e9lo \u00e9lectrique<\/h2>\n<hr>\n<div data-mode=\"normal\" data-oembed=\"1\" data-provider=\"youtube\" id=\"arve-youtube-aikugktuxcq-9\" class=\"arve\">\n<div class=\"arve-inner\">\n<div class=\"arve-embed arve-embed--has-aspect-ratio\">\n<div class=\"arve-ar\" style=\"padding-top:56.250000%\"><\/div>\n<p>\t\t\t<iframe allow=\"accelerometer &apos;none&apos;;autoplay &apos;none&apos;;bluetooth &apos;none&apos;;browsing-topics &apos;none&apos;;camera &apos;none&apos;;clipboard-read &apos;none&apos;;clipboard-write;display-capture &apos;none&apos;;encrypted-media &apos;none&apos;;gamepad &apos;none&apos;;geolocation &apos;none&apos;;gyroscope &apos;none&apos;;hid &apos;none&apos;;identity-credentials-get &apos;none&apos;;idle-detection &apos;none&apos;;keyboard-map &apos;none&apos;;local-fonts;magnetometer &apos;none&apos;;microphone &apos;none&apos;;midi &apos;none&apos;;otp-credentials &apos;none&apos;;payment &apos;none&apos;;picture-in-picture;publickey-credentials-create &apos;none&apos;;publickey-credentials-get &apos;none&apos;;screen-wake-lock &apos;none&apos;;serial &apos;none&apos;;summarizer &apos;none&apos;;sync-xhr;usb &apos;none&apos;;web-share;window-management &apos;none&apos;;xr-spatial-tracking &apos;none&apos;;\" allowfullscreen=\"\" class=\"arve-iframe fitvidsignore\" credentialless data-arve=\"arve-youtube-aikugktuxcq-9\" data-lenis-prevent=\"\" data-src-no-ap=\"https:\/\/www.youtube-nocookie.com\/embed\/AikugktUXCQ?feature=oembed&amp;iv_load_policy=3&amp;modestbranding=1&amp;rel=0&amp;autohide=1&amp;playsinline=0&amp;autoplay=0\" frameborder=\"0\" height=\"0\" loading=\"lazy\" name=\"\" referrerpolicy=\"strict-origin-when-cross-origin\" sandbox=\"allow-scripts allow-same-origin allow-presentation allow-popups allow-popups-to-escape-sandbox\" scrolling=\"no\" src=\"https:\/\/www.youtube-nocookie.com\/embed\/AikugktUXCQ?feature=oembed&#038;iv_load_policy=3&#038;modestbranding=1&#038;rel=0&#038;autohide=1&#038;playsinline=0&#038;autoplay=0\" title=\"\" width=\"0\"><\/iframe><\/p><\/div>\n<\/p><\/div>\n<p>\t<script type=\"application\/ld+json\">{\"@context\":\"http:\\\/\\\/schema.org\\\/\",\"@id\":\"https:\\\/\\\/www.cresta.ch\\\/fr\\\/region\\\/sommer\\\/biken\\\/#arve-youtube-aikugktuxcq-9\",\"type\":\"VideoObject\",\"embedURL\":\"https:\\\/\\\/www.youtube-nocookie.com\\\/embed\\\/AikugktUXCQ?feature=oembed&iv_load_policy=3&modestbranding=1&rel=0&autohide=1&playsinline=0&autoplay=0\"}<\/script><\/p>\n<\/div>\n<p>Flims est un eldorado pour les v\u00e9t\u00e9tistes. Plus de 300 km de pistes de VTT de tous niveaux de difficult\u00e9 invitent \u00e0 passer des vacances de r\u00eave en VTT.<\/p>\n<p>Outre le parcours de descente \u00ab\u00a0Never End\u00a0\u00bb pour les vrais cracks, le Trek Runcatrail et de nombreux autres tours invitent \u00e9galement les d\u00e9butants et les avanc\u00e9s \u00e0 d\u00e9couvrir la r\u00e9gion en selle. Les nombreux circuits en e-bike offrent de toutes nouvelles possibilit\u00e9s.<\/p>\n<p><strong>Chez nous, \u00e0 l&rsquo;h\u00f4tel, les cyclistes trouvent en outre<\/strong><\/p>\n<ul>\n<li>une possibilit\u00e9 de stationnement s\u00fbr et sec pour les v\u00e9los<\/li>\n<li>une station de lavage pour v\u00e9los<\/li>\n<li>possibilit\u00e9 de laver les v\u00eatements (payant)<\/li>\n<li>Outils de base<\/li>\n<li>Service de panier-repas (moyennant un suppl\u00e9ment)<\/li>\n<\/ul>\n<p>et bien s\u00fbr la d\u00e9tente pure dans notre <a href=\"https:\/\/www.cresta.ch\/fr\/hotel\/garten\/\" target=\"_blank\" rel=\"noopener\">jardin<\/a> et notre <a href=\"https:\/\/www.cresta.ch\/fr\/wellness\/\" target=\"_blank\" rel=\"noopener\">espace bien-\u00eatre<\/a><\/p>\n<p><strong>En outre, vous trouverez dans la r\u00e9gion<\/strong><\/p>\n<ul>\n<li>des ateliers professionnels avec la possibilit\u00e9 de louer des v\u00e9los et d&#8217;emprunter divers \u00e9quipements<\/li>\n<li>diverses stations de recharge pour v\u00e9los \u00e9lectriques<\/li>\n<li>3 Pumptracks &amp; Skill Areas<\/li>\n<li>de nombreux \u00e9v\u00e9nements et manifestations VTT de haut niveau<\/li>\n<\/ul>\n<hr>\n<p>&nbsp;<\/p>\n<h1>&nbsp;<img loading=\"lazy\" decoding=\"async\" class=\"alignnone wp-image-5448 size-medium\" title=\"Wandern in Flims (c) Weisse Arena AG\/Gaudenz Danuser \" src=\"https:\/\/www.cresta.ch\/wp-content\/uploads\/2022\/05\/Biken_Flimserwald_DANUSER_WAG-300x225.jpg\" alt=\"\" width=\"300\" height=\"225\" srcset=\"https:\/\/www.cresta.ch\/wp-content\/uploads\/2022\/05\/Biken_Flimserwald_DANUSER_WAG-300x225.jpg 300w, https:\/\/www.cresta.ch\/wp-content\/uploads\/2022\/05\/Biken_Flimserwald_DANUSER_WAG-768x576.jpg 768w, https:\/\/www.cresta.ch\/wp-content\/uploads\/2022\/05\/Biken_Flimserwald_DANUSER_WAG-250x188.jpg 250w, https:\/\/www.cresta.ch\/wp-content\/uploads\/2022\/05\/Biken_Flimserwald_DANUSER_WAG.jpg 800w\" sizes=\"auto, (max-width: 300px) 100vw, 300px\" \/> <img loading=\"lazy\" decoding=\"async\" class=\"alignnone wp-image-5386 size-medium\" title=\"Erlebniszug Rheinschlucht (c)Rh\u00e4tische Bahn\" src=\"https:\/\/www.cresta.ch\/wp-content\/uploads\/2022\/04\/Bachlauf_Segnesboden_Tschingelhoerner_Flims-300x225.jpg\" alt=\"\" width=\"300\" height=\"225\" srcset=\"https:\/\/www.cresta.ch\/wp-content\/uploads\/2022\/04\/Bachlauf_Segnesboden_Tschingelhoerner_Flims-300x225.jpg 300w, https:\/\/www.cresta.ch\/wp-content\/uploads\/2022\/04\/Bachlauf_Segnesboden_Tschingelhoerner_Flims-768x576.jpg 768w, https:\/\/www.cresta.ch\/wp-content\/uploads\/2022\/04\/Bachlauf_Segnesboden_Tschingelhoerner_Flims-600x450.jpg 600w, https:\/\/www.cresta.ch\/wp-content\/uploads\/2022\/04\/Bachlauf_Segnesboden_Tschingelhoerner_Flims-250x188.jpg 250w, https:\/\/www.cresta.ch\/wp-content\/uploads\/2022\/04\/Bachlauf_Segnesboden_Tschingelhoerner_Flims.jpg 800w\" sizes=\"auto, (max-width: 300px) 100vw, 300px\" \/><\/h1>\n<h1 style=\"text-align: center;\">Offre forfaitaire pour des journ\u00e9es de v\u00e9lo inoubliables \u00e0 Flims<\/h1>\n<p style=\"text-align: left;\">Avec notre forfait v\u00e9lo, vous d\u00e9couvrirez sans peine la r\u00e9gion de vacances de Flims Laax Falera sur deux roues. En plus de l&rsquo;h\u00e9bergement en demi-pension et de l&rsquo;utilisation de notre espace bien-\u00eatre dans le grand jardin, vous b\u00e9n\u00e9ficiez une fois des remont\u00e9es m\u00e9caniques ou des transports publics:<\/p>\n<p style=\"text-align: left;\"><strong>Profitez de notre forfait \u00ab\u00a0Cresta Biketage\u00a0\u00bb et b\u00e9n\u00e9ficiez des prestations suivantes:<\/strong><\/p>\n<ul>\n<li>3 nuits en chambre standard (double ou individuelle, selon le nombre de personnes r\u00e9serv\u00e9) avec acc\u00e8s direct au wellness souterrain.<br \/>\n(jours d&rsquo;arriv\u00e9e possibles dimanche, lundi et mardi)<\/li>\n<li>un copieux buffet de petit-d\u00e9jeuner et un d\u00e9licieux d\u00eener \u00e0 4 plats<\/li>\n<li>Utilisation de notre spacieux centre de bien-\u00eatre \u00ab\u00a0Auas Sparsas\u00a0\u00bb au milieu du grand jardin Cresta avec vue panoramique<\/li>\n<li>1 jour par personne le Graub\u00fcnden Pass Bike Nord des Chemins de fer rh\u00e9tiques pour voyager librement avec les transports publics dans la Surselva et au-del\u00e0 (base 1\/2-tax | suppl\u00e9ment sans abonnement 1\/2-tax CHF 15.00 par personne)<\/li>\n<\/ul>\n<p>&nbsp;<\/p>\n<p><strong>Prix <\/strong>(par personne et s\u00e9jour)<strong>:<\/strong><\/p>\n<p><strong>Cresta Biketage<\/strong> | CHF 415.00 saison normale | CHF 460.00 haute saison<\/p>\n<p><a href=\"https:\/\/tbooking.toubiz.de\/TDS00020010350056479\/tbooking?globalReset=1&amp;lang=de\" target=\"_blank\" rel=\"noopener noreferrer\">RESERVEZ MAINTENANT<\/a> (apr\u00e8s avoir saisi les dates de s\u00e9jour, vous trouverez le forfait dans l&rsquo;onglet \u00ab\u00a0Offres\u00a0\u00bb.)<\/p>\n<hr>\n<h2>Comment r\u00e9server des forfaits en ligne&nbsp;<\/h2>\n<p>Nos forfaits peuvent \u00e9galement \u00eatre r\u00e9serv\u00e9s en ligne pour des chambres doubles ou simples standard via notre site web. C&rsquo;est aussi simple que cela pour r\u00e9server les vacances de vos r\u00eaves :<\/p>\n<p><img loading=\"lazy\" decoding=\"async\" class=\"alignright wp-image-5076 size-full\" src=\"https:\/\/www.cresta.ch\/wp-content\/uploads\/2021\/11\/Screenshot-2021-11-01-141612.png\" alt=\"\" width=\"289\" height=\"181\" srcset=\"https:\/\/www.cresta.ch\/wp-content\/uploads\/2021\/11\/Screenshot-2021-11-01-141612.png 289w, https:\/\/www.cresta.ch\/wp-content\/uploads\/2021\/11\/Screenshot-2021-11-01-141612-250x157.png 250w\" sizes=\"auto, (max-width: 289px) 100vw, 289px\" \/><\/p>\n<ul>\n<li>indiquez votre date de voyage dans le masque de recherche ci-contre (veuillez tenir compte des jours d&rsquo;arriv\u00e9e sp\u00e9ciaux des forfaits)<\/li>\n<li>Sur la page de s\u00e9lection, cliquez sur l&rsquo;onglet \u00ab\u00a0Offres\u00a0\u00bb.<\/li>\n<li>Choisissez ensuite l&rsquo;offre qui vous convient et suivez les \u00e9tapes suivantes.<\/li>\n<\/ul>\n<p>Nous nous r\u00e9jouissons de vous rencontrer &#8211; \u00e0 bient\u00f4t \u00e0 Flims !<\/p>\n<hr>\n<h2>Informations g\u00e9n\u00e9rales sur les forfaits h\u00f4teliers<\/h2>\n<ul>\n<li>La disponibilit\u00e9 des forfaits peut \u00eatre limit\u00e9e en fonction de la situation de r\u00e9servation.<\/li>\n<li>Tous les prix sont en CHF et s&rsquo;entendent par personne.<\/li>\n<li>Les prix s&rsquo;entendent par personne en chambre double standard<\/li>\n<li>Les jours d&rsquo;arriv\u00e9e indiqu\u00e9s sont valables, une modification de la r\u00e9servation pour un autre jour d&rsquo;arriv\u00e9e n&rsquo;est possible qu&rsquo;avec un suppl\u00e9ment.<\/li>\n<li>Suppl\u00e9ment pour chambre individuelle Fr. 15.- par nuit (double comme simple Sfr. 40.- par nuit)<\/li>\n<li>Sous r\u00e9serve de modifications de prix, pas de remboursement des prestations non utilis\u00e9es<\/li>\n<li>Les \u00e9ventuelles prestations de prestataires tiers (remont\u00e9es m\u00e9caniques, entreprises de transport, etc.) incluses dans le prix sont soumises aux conditions g\u00e9n\u00e9rales de ces prestataires.<\/li>\n<\/ul>\n<h1 style=\"text-align: center;\">Flims est une pure aventure de v\u00e9lo<br \/>\net au Cresta, vous trouverez la d\u00e9tente pure<\/h1>\n<h2 style=\"text-align: center;\">Le v\u00e9lo plaisir| Plaisir du trail| Paradis du v\u00e9lo \u00e9lectrique<\/h2>\n<hr>\n<div data-mode=\"normal\" data-oembed=\"1\" data-provider=\"youtube\" id=\"arve-youtube-aikugktuxcq-10\" class=\"arve\">\n<div class=\"arve-inner\">\n<div class=\"arve-embed arve-embed--has-aspect-ratio\">\n<div class=\"arve-ar\" style=\"padding-top:56.250000%\"><\/div>\n<p>\t\t\t<iframe allow=\"accelerometer &apos;none&apos;;autoplay &apos;none&apos;;bluetooth &apos;none&apos;;browsing-topics &apos;none&apos;;camera &apos;none&apos;;clipboard-read &apos;none&apos;;clipboard-write;display-capture &apos;none&apos;;encrypted-media &apos;none&apos;;gamepad &apos;none&apos;;geolocation &apos;none&apos;;gyroscope &apos;none&apos;;hid &apos;none&apos;;identity-credentials-get &apos;none&apos;;idle-detection &apos;none&apos;;keyboard-map &apos;none&apos;;local-fonts;magnetometer &apos;none&apos;;microphone &apos;none&apos;;midi &apos;none&apos;;otp-credentials &apos;none&apos;;payment &apos;none&apos;;picture-in-picture;publickey-credentials-create &apos;none&apos;;publickey-credentials-get &apos;none&apos;;screen-wake-lock &apos;none&apos;;serial &apos;none&apos;;summarizer &apos;none&apos;;sync-xhr;usb &apos;none&apos;;web-share;window-management &apos;none&apos;;xr-spatial-tracking &apos;none&apos;;\" allowfullscreen=\"\" class=\"arve-iframe fitvidsignore\" credentialless data-arve=\"arve-youtube-aikugktuxcq-10\" data-lenis-prevent=\"\" data-src-no-ap=\"https:\/\/www.youtube-nocookie.com\/embed\/AikugktUXCQ?feature=oembed&amp;iv_load_policy=3&amp;modestbranding=1&amp;rel=0&amp;autohide=1&amp;playsinline=0&amp;autoplay=0\" frameborder=\"0\" height=\"0\" loading=\"lazy\" name=\"\" referrerpolicy=\"strict-origin-when-cross-origin\" sandbox=\"allow-scripts allow-same-origin allow-presentation allow-popups allow-popups-to-escape-sandbox\" scrolling=\"no\" src=\"https:\/\/www.youtube-nocookie.com\/embed\/AikugktUXCQ?feature=oembed&#038;iv_load_policy=3&#038;modestbranding=1&#038;rel=0&#038;autohide=1&#038;playsinline=0&#038;autoplay=0\" title=\"\" width=\"0\"><\/iframe><\/p><\/div>\n<\/p><\/div>\n<p>\t<script type=\"application\/ld+json\">{\"@context\":\"http:\\\/\\\/schema.org\\\/\",\"@id\":\"https:\\\/\\\/www.cresta.ch\\\/fr\\\/region\\\/sommer\\\/biken\\\/#arve-youtube-aikugktuxcq-10\",\"type\":\"VideoObject\",\"embedURL\":\"https:\\\/\\\/www.youtube-nocookie.com\\\/embed\\\/AikugktUXCQ?feature=oembed&iv_load_policy=3&modestbranding=1&rel=0&autohide=1&playsinline=0&autoplay=0\"}<\/script><\/p>\n<\/div>\n<p>Flims est un eldorado pour les v\u00e9t\u00e9tistes. Plus de 300 km de pistes de VTT de tous niveaux de difficult\u00e9 invitent \u00e0 passer des vacances de r\u00eave en VTT.<\/p>\n<p>Outre le parcours de descente \u00ab\u00a0Never End\u00a0\u00bb pour les vrais cracks, le Trek Runcatrail et de nombreux autres tours invitent \u00e9galement les d\u00e9butants et les avanc\u00e9s \u00e0 d\u00e9couvrir la r\u00e9gion en selle. Les nombreux circuits en e-bike offrent de toutes nouvelles possibilit\u00e9s.<\/p>\n<p><strong>Chez nous, \u00e0 l&rsquo;h\u00f4tel, les cyclistes trouvent en outre<\/strong><\/p>\n<ul>\n<li>une possibilit\u00e9 de stationnement s\u00fbr et sec pour les v\u00e9los<\/li>\n<li>une station de lavage pour v\u00e9los<\/li>\n<li>possibilit\u00e9 de laver les v\u00eatements (payant)<\/li>\n<li>Outils de base<\/li>\n<li>Service de panier-repas (moyennant un suppl\u00e9ment)<\/li>\n<\/ul>\n<p>et bien s\u00fbr la d\u00e9tente pure dans notre <a href=\"https:\/\/www.cresta.ch\/fr\/hotel\/garten\/\" target=\"_blank\" rel=\"noopener\">jardin<\/a> et notre <a href=\"https:\/\/www.cresta.ch\/fr\/wellness\/\" target=\"_blank\" rel=\"noopener\">espace bien-\u00eatre<\/a><\/p>\n<p><strong>En outre, vous trouverez dans la r\u00e9gion<\/strong><\/p>\n<ul>\n<li>des ateliers professionnels avec la possibilit\u00e9 de louer des v\u00e9los et d&#8217;emprunter divers \u00e9quipements<\/li>\n<li>diverses stations de recharge pour v\u00e9los \u00e9lectriques<\/li>\n<li>3 Pumptracks &amp; Skill Areas<\/li>\n<li>de nombreux \u00e9v\u00e9nements et manifestations VTT de haut niveau<\/li>\n<\/ul>\n<hr>\n<p>&nbsp;<\/p>\n<h1>&nbsp;<img loading=\"lazy\" decoding=\"async\" class=\"alignnone wp-image-5448 size-medium\" title=\"Wandern in Flims (c) Weisse Arena AG\/Gaudenz Danuser \" src=\"https:\/\/www.cresta.ch\/wp-content\/uploads\/2022\/05\/Biken_Flimserwald_DANUSER_WAG-300x225.jpg\" alt=\"\" width=\"300\" height=\"225\" srcset=\"https:\/\/www.cresta.ch\/wp-content\/uploads\/2022\/05\/Biken_Flimserwald_DANUSER_WAG-300x225.jpg 300w, https:\/\/www.cresta.ch\/wp-content\/uploads\/2022\/05\/Biken_Flimserwald_DANUSER_WAG-768x576.jpg 768w, https:\/\/www.cresta.ch\/wp-content\/uploads\/2022\/05\/Biken_Flimserwald_DANUSER_WAG-250x188.jpg 250w, https:\/\/www.cresta.ch\/wp-content\/uploads\/2022\/05\/Biken_Flimserwald_DANUSER_WAG.jpg 800w\" sizes=\"auto, (max-width: 300px) 100vw, 300px\" \/> <img loading=\"lazy\" decoding=\"async\" class=\"alignnone wp-image-5386 size-medium\" title=\"Erlebniszug Rheinschlucht (c)Rh\u00e4tische Bahn\" src=\"https:\/\/www.cresta.ch\/wp-content\/uploads\/2022\/04\/Bachlauf_Segnesboden_Tschingelhoerner_Flims-300x225.jpg\" alt=\"\" width=\"300\" height=\"225\" srcset=\"https:\/\/www.cresta.ch\/wp-content\/uploads\/2022\/04\/Bachlauf_Segnesboden_Tschingelhoerner_Flims-300x225.jpg 300w, https:\/\/www.cresta.ch\/wp-content\/uploads\/2022\/04\/Bachlauf_Segnesboden_Tschingelhoerner_Flims-768x576.jpg 768w, https:\/\/www.cresta.ch\/wp-content\/uploads\/2022\/04\/Bachlauf_Segnesboden_Tschingelhoerner_Flims-600x450.jpg 600w, https:\/\/www.cresta.ch\/wp-content\/uploads\/2022\/04\/Bachlauf_Segnesboden_Tschingelhoerner_Flims-250x188.jpg 250w, https:\/\/www.cresta.ch\/wp-content\/uploads\/2022\/04\/Bachlauf_Segnesboden_Tschingelhoerner_Flims.jpg 800w\" sizes=\"auto, (max-width: 300px) 100vw, 300px\" \/><\/h1>\n<h1 style=\"text-align: center;\">Offre forfaitaire pour des journ\u00e9es de v\u00e9lo inoubliables \u00e0 Flims<\/h1>\n<p style=\"text-align: left;\">Avec notre forfait v\u00e9lo, vous d\u00e9couvrirez sans peine la r\u00e9gion de vacances de Flims Laax Falera sur deux roues. En plus de l&rsquo;h\u00e9bergement en demi-pension et de l&rsquo;utilisation de notre espace bien-\u00eatre dans le grand jardin, vous b\u00e9n\u00e9ficiez une fois des remont\u00e9es m\u00e9caniques ou des transports publics:<\/p>\n<p style=\"text-align: left;\"><strong>Profitez de notre forfait \u00ab\u00a0Cresta Biketage\u00a0\u00bb et b\u00e9n\u00e9ficiez des prestations suivantes:<\/strong><\/p>\n<ul>\n<li>3 nuits en chambre standard (double ou individuelle, selon le nombre de personnes r\u00e9serv\u00e9) avec acc\u00e8s direct au wellness souterrain.<br \/>\n(jours d&rsquo;arriv\u00e9e possibles dimanche, lundi et mardi)<\/li>\n<li>un copieux buffet de petit-d\u00e9jeuner et un d\u00e9licieux d\u00eener \u00e0 4 plats<\/li>\n<li>Utilisation de notre spacieux centre de bien-\u00eatre \u00ab\u00a0Auas Sparsas\u00a0\u00bb au milieu du grand jardin Cresta avec vue panoramique<\/li>\n<li>1 jour par personne, le ticket v\u00e9lo des remont\u00e9es m\u00e9caniques, qui vous permet d&rsquo;utiliser de mani\u00e8re illimit\u00e9e toutes les remont\u00e9es m\u00e9caniques transportant des v\u00e9los pendant une journ\u00e9e.<br \/>\nou<br \/>\n1 jour par personne le Graub\u00fcnden Pass Bike Nord des Chemins de fer rh\u00e9tiques pour voyager librement avec les transports publics dans la Surselva et au-del\u00e0 (base 1\/2-tax | suppl\u00e9ment sans abonnement 1\/2-tax CHF 15.00 par personne)<\/li>\n<\/ul>\n<p>&nbsp;<\/p>\n<p><strong>Prix <\/strong>(par personne et s\u00e9jour)<strong>:<\/strong><\/p>\n<p><strong>Cresta Biketage<\/strong> | CHF 415.00 saison normale | CHF 460.00 haute saison<\/p>\n<p><a href=\"https:\/\/tbooking.toubiz.de\/TDS00020010350056479\/tbooking?globalReset=1&amp;lang=de\" target=\"_blank\" rel=\"noopener noreferrer\">RESERVEZ MAINTENANT<\/a> (apr\u00e8s avoir saisi les dates de s\u00e9jour, vous trouverez le forfait dans l&rsquo;onglet \u00ab\u00a0Offres\u00a0\u00bb.)<\/p>\n<hr>\n<h2>Comment r\u00e9server des forfaits en ligne&nbsp;<\/h2>\n<p>Nos forfaits peuvent \u00e9galement \u00eatre r\u00e9serv\u00e9s en ligne pour des chambres doubles ou simples standard via notre site web. C&rsquo;est aussi simple que cela pour r\u00e9server les vacances de vos r\u00eaves :<\/p>\n<p><img loading=\"lazy\" decoding=\"async\" class=\"alignright wp-image-5076 size-full\" src=\"https:\/\/www.cresta.ch\/wp-content\/uploads\/2021\/11\/Screenshot-2021-11-01-141612.png\" alt=\"\" width=\"289\" height=\"181\" srcset=\"https:\/\/www.cresta.ch\/wp-content\/uploads\/2021\/11\/Screenshot-2021-11-01-141612.png 289w, https:\/\/www.cresta.ch\/wp-content\/uploads\/2021\/11\/Screenshot-2021-11-01-141612-250x157.png 250w\" sizes=\"auto, (max-width: 289px) 100vw, 289px\" \/><\/p>\n<ul>\n<li>indiquez votre date de voyage dans le masque de recherche ci-contre (veuillez tenir compte des jours d&rsquo;arriv\u00e9e sp\u00e9ciaux des forfaits)<\/li>\n<li>Sur la page de s\u00e9lection, cliquez sur l&rsquo;onglet \u00ab\u00a0Offres\u00a0\u00bb.<\/li>\n<li>Choisissez ensuite l&rsquo;offre qui vous convient et suivez les \u00e9tapes suivantes.<\/li>\n<\/ul>\n<p>Nous nous r\u00e9jouissons de vous rencontrer &#8211; \u00e0 bient\u00f4t \u00e0 Flims !<\/p>\n<hr>\n<h2>Informations g\u00e9n\u00e9rales sur les forfaits h\u00f4teliers<\/h2>\n<ul>\n<li>La disponibilit\u00e9 des forfaits peut \u00eatre limit\u00e9e en fonction de la situation de r\u00e9servation.<\/li>\n<li>Tous les prix sont en CHF et s&rsquo;entendent par personne.<\/li>\n<li>Les prix s&rsquo;entendent par personne en chambre double standard<\/li>\n<li>Les jours d&rsquo;arriv\u00e9e indiqu\u00e9s sont valables, une modification de la r\u00e9servation pour un autre jour d&rsquo;arriv\u00e9e n&rsquo;est possible qu&rsquo;avec un suppl\u00e9ment.<\/li>\n<li>Suppl\u00e9ment pour chambre individuelle Fr. 15.- par nuit (double comme simple Sfr. 40.- par nuit)<\/li>\n<li>Sous r\u00e9serve de modifications de prix, pas de remboursement des prestations non utilis\u00e9es<\/li>\n<li>Les \u00e9ventuelles prestations de prestataires tiers (remont\u00e9es m\u00e9caniques, entreprises de transport, etc.) incluses dans le prix sont soumises aux conditions g\u00e9n\u00e9rales de ces prestataires.<\/li>\n<\/ul>\n<p><\/p>\n<h1 style=\"text-align: center;\">Flims est une pure aventure de v\u00e9lo<br \/>\net au Cresta, vous trouverez la d\u00e9tente pure<\/h1>\n<h2 style=\"text-align: center;\">Le v\u00e9lo plaisir| Plaisir du trail| Paradis du v\u00e9lo \u00e9lectrique<\/h2>\n<hr>\n<div data-mode=\"normal\" data-oembed=\"1\" data-provider=\"youtube\" id=\"arve-youtube-aikugktuxcq-11\" class=\"arve\">\n<div class=\"arve-inner\">\n<div class=\"arve-embed arve-embed--has-aspect-ratio\">\n<div class=\"arve-ar\" style=\"padding-top:56.250000%\"><\/div>\n<p>\t\t\t<iframe allow=\"accelerometer &apos;none&apos;;autoplay &apos;none&apos;;bluetooth &apos;none&apos;;browsing-topics &apos;none&apos;;camera &apos;none&apos;;clipboard-read &apos;none&apos;;clipboard-write;display-capture &apos;none&apos;;encrypted-media &apos;none&apos;;gamepad &apos;none&apos;;geolocation &apos;none&apos;;gyroscope &apos;none&apos;;hid &apos;none&apos;;identity-credentials-get &apos;none&apos;;idle-detection &apos;none&apos;;keyboard-map &apos;none&apos;;local-fonts;magnetometer &apos;none&apos;;microphone &apos;none&apos;;midi &apos;none&apos;;otp-credentials &apos;none&apos;;payment &apos;none&apos;;picture-in-picture;publickey-credentials-create &apos;none&apos;;publickey-credentials-get &apos;none&apos;;screen-wake-lock &apos;none&apos;;serial &apos;none&apos;;summarizer &apos;none&apos;;sync-xhr;usb &apos;none&apos;;web-share;window-management &apos;none&apos;;xr-spatial-tracking &apos;none&apos;;\" allowfullscreen=\"\" class=\"arve-iframe fitvidsignore\" credentialless data-arve=\"arve-youtube-aikugktuxcq-11\" data-lenis-prevent=\"\" data-src-no-ap=\"https:\/\/www.youtube-nocookie.com\/embed\/AikugktUXCQ?feature=oembed&amp;iv_load_policy=3&amp;modestbranding=1&amp;rel=0&amp;autohide=1&amp;playsinline=0&amp;autoplay=0\" frameborder=\"0\" height=\"0\" loading=\"lazy\" name=\"\" referrerpolicy=\"strict-origin-when-cross-origin\" sandbox=\"allow-scripts allow-same-origin allow-presentation allow-popups allow-popups-to-escape-sandbox\" scrolling=\"no\" src=\"https:\/\/www.youtube-nocookie.com\/embed\/AikugktUXCQ?feature=oembed&#038;iv_load_policy=3&#038;modestbranding=1&#038;rel=0&#038;autohide=1&#038;playsinline=0&#038;autoplay=0\" title=\"\" width=\"0\"><\/iframe><\/p><\/div>\n<\/p><\/div>\n<p>\t<script type=\"application\/ld+json\">{\"@context\":\"http:\\\/\\\/schema.org\\\/\",\"@id\":\"https:\\\/\\\/www.cresta.ch\\\/fr\\\/region\\\/sommer\\\/biken\\\/#arve-youtube-aikugktuxcq-11\",\"type\":\"VideoObject\",\"embedURL\":\"https:\\\/\\\/www.youtube-nocookie.com\\\/embed\\\/AikugktUXCQ?feature=oembed&iv_load_policy=3&modestbranding=1&rel=0&autohide=1&playsinline=0&autoplay=0\"}<\/script><\/p>\n<\/div>\n<p>Flims est un eldorado pour les v\u00e9t\u00e9tistes. Plus de 300 km de pistes de VTT de tous niveaux de difficult\u00e9 invitent \u00e0 passer des vacances de r\u00eave en VTT.<\/p>\n<p>Outre le parcours de descente \u00ab\u00a0Never End\u00a0\u00bb pour les vrais cracks, le Trek Runcatrail et de nombreux autres tours invitent \u00e9galement les d\u00e9butants et les avanc\u00e9s \u00e0 d\u00e9couvrir la r\u00e9gion en selle. Les nombreux circuits en e-bike offrent de toutes nouvelles possibilit\u00e9s.<\/p>\n<p><strong>Chez nous, \u00e0 l&rsquo;h\u00f4tel, les cyclistes trouvent en outre<\/strong><\/p>\n<ul>\n<li>une possibilit\u00e9 de stationnement s\u00fbr et sec pour les v\u00e9los<\/li>\n<li>une station de lavage pour v\u00e9los<\/li>\n<li>possibilit\u00e9 de laver les v\u00eatements (payant)<\/li>\n<li>Outils de base<\/li>\n<li>Service de panier-repas (moyennant un suppl\u00e9ment)<\/li>\n<\/ul>\n<p>et bien s\u00fbr la d\u00e9tente pure dans notre <a href=\"https:\/\/www.cresta.ch\/fr\/hotel\/garten\/\" target=\"_blank\" rel=\"noopener\">jardin<\/a> et notre <a href=\"https:\/\/www.cresta.ch\/fr\/wellness\/\" target=\"_blank\" rel=\"noopener\">espace bien-\u00eatre<\/a><\/p>\n<p><strong>En outre, vous trouverez dans la r\u00e9gion<\/strong><\/p>\n<ul>\n<li>des ateliers professionnels avec la possibilit\u00e9 de louer des v\u00e9los et d&#8217;emprunter divers \u00e9quipements<\/li>\n<li>diverses stations de recharge pour v\u00e9los \u00e9lectriques<\/li>\n<li>3 Pumptracks &amp; Skill Areas<\/li>\n<li>de nombreux \u00e9v\u00e9nements et manifestations VTT de haut niveau<\/li>\n<\/ul>\n<hr>\n<p>&nbsp;<\/p>\n<h1>&nbsp;<img loading=\"lazy\" decoding=\"async\" class=\"alignnone wp-image-5448 size-medium\" title=\"Wandern in Flims (c) Weisse Arena AG\/Gaudenz Danuser \" src=\"https:\/\/www.cresta.ch\/wp-content\/uploads\/2022\/05\/Biken_Flimserwald_DANUSER_WAG-300x225.jpg\" alt=\"\" width=\"300\" height=\"225\" srcset=\"https:\/\/www.cresta.ch\/wp-content\/uploads\/2022\/05\/Biken_Flimserwald_DANUSER_WAG-300x225.jpg 300w, https:\/\/www.cresta.ch\/wp-content\/uploads\/2022\/05\/Biken_Flimserwald_DANUSER_WAG-768x576.jpg 768w, https:\/\/www.cresta.ch\/wp-content\/uploads\/2022\/05\/Biken_Flimserwald_DANUSER_WAG-250x188.jpg 250w, https:\/\/www.cresta.ch\/wp-content\/uploads\/2022\/05\/Biken_Flimserwald_DANUSER_WAG.jpg 800w\" sizes=\"auto, (max-width: 300px) 100vw, 300px\" \/> <img loading=\"lazy\" decoding=\"async\" class=\"alignnone wp-image-5386 size-medium\" title=\"Erlebniszug Rheinschlucht (c)Rh\u00e4tische Bahn\" src=\"https:\/\/www.cresta.ch\/wp-content\/uploads\/2022\/04\/Bachlauf_Segnesboden_Tschingelhoerner_Flims-300x225.jpg\" alt=\"\" width=\"300\" height=\"225\" srcset=\"https:\/\/www.cresta.ch\/wp-content\/uploads\/2022\/04\/Bachlauf_Segnesboden_Tschingelhoerner_Flims-300x225.jpg 300w, https:\/\/www.cresta.ch\/wp-content\/uploads\/2022\/04\/Bachlauf_Segnesboden_Tschingelhoerner_Flims-768x576.jpg 768w, https:\/\/www.cresta.ch\/wp-content\/uploads\/2022\/04\/Bachlauf_Segnesboden_Tschingelhoerner_Flims-600x450.jpg 600w, https:\/\/www.cresta.ch\/wp-content\/uploads\/2022\/04\/Bachlauf_Segnesboden_Tschingelhoerner_Flims-250x188.jpg 250w, https:\/\/www.cresta.ch\/wp-content\/uploads\/2022\/04\/Bachlauf_Segnesboden_Tschingelhoerner_Flims.jpg 800w\" sizes=\"auto, (max-width: 300px) 100vw, 300px\" \/><\/h1>\n<h1 style=\"text-align: center;\">Offre forfaitaire pour des journ\u00e9es de v\u00e9lo inoubliables \u00e0 Flims<\/h1>\n<p style=\"text-align: left;\">Avec notre forfait v\u00e9lo, vous d\u00e9couvrirez sans peine la r\u00e9gion de vacances de Flims Laax Falera sur deux roues. En plus de l&rsquo;h\u00e9bergement en demi-pension et de l&rsquo;utilisation de notre espace bien-\u00eatre dans le grand jardin, vous b\u00e9n\u00e9ficiez une fois des remont\u00e9es m\u00e9caniques ou des transports publics:<\/p>\n<p style=\"text-align: left;\"><strong>Profitez de notre forfait \u00ab\u00a0Cresta Biketage\u00a0\u00bb et b\u00e9n\u00e9ficiez des prestations suivantes:<\/strong><\/p>\n<ul>\n<li>3 nuits en chambre standard (double ou individuelle, selon le nombre de personnes r\u00e9serv\u00e9) avec acc\u00e8s direct au wellness souterrain.<br \/>\n(jours d&rsquo;arriv\u00e9e possibles dimanche, lundi et mardi)<\/li>\n<li>un copieux buffet de petit-d\u00e9jeuner et un d\u00e9licieux d\u00eener \u00e0 4 plats<\/li>\n<li>Utilisation de notre spacieux centre de bien-\u00eatre \u00ab\u00a0Auas Sparsas\u00a0\u00bb au milieu du grand jardin Cresta avec vue panoramique<\/li>\n<li>1 jour par personne le Graub\u00fcnden Pass Bike Nord des Chemins de fer rh\u00e9tiques pour voyager librement avec les transports publics dans la Surselva et au-del\u00e0 (base 1\/2-tax | suppl\u00e9ment sans abonnement 1\/2-tax CHF 10.00 par personne)<\/li>\n<\/ul>\n<p>&nbsp;<\/p>\n<p><strong>Prix <\/strong>(par personne et s\u00e9jour)<strong>:<\/strong><\/p>\n<p><strong>Cresta Biketage<\/strong> | CHF 415.00 saison normale | CHF 460.00 haute saison<\/p>\n<p><a href=\"https:\/\/tbooking.toubiz.de\/TDS00020010350056479\/tbooking?globalReset=1&amp;lang=de\" target=\"_blank\" rel=\"noopener noreferrer\">RESERVEZ MAINTENANT<\/a> (apr\u00e8s avoir saisi les dates de s\u00e9jour, vous trouverez le forfait dans l&rsquo;onglet \u00ab\u00a0Offres\u00a0\u00bb.)<\/p>\n<hr>\n<h2>Comment r\u00e9server des forfaits en ligne&nbsp;<\/h2>\n<p>Nos forfaits peuvent \u00e9galement \u00eatre r\u00e9serv\u00e9s en ligne pour des chambres doubles ou simples standard via notre site web. C&rsquo;est aussi simple que cela pour r\u00e9server les vacances de vos r\u00eaves :<\/p>\n<p><img loading=\"lazy\" decoding=\"async\" class=\"alignright wp-image-5076 size-full\" src=\"https:\/\/www.cresta.ch\/wp-content\/uploads\/2021\/11\/Screenshot-2021-11-01-141612.png\" alt=\"\" width=\"289\" height=\"181\" srcset=\"https:\/\/www.cresta.ch\/wp-content\/uploads\/2021\/11\/Screenshot-2021-11-01-141612.png 289w, https:\/\/www.cresta.ch\/wp-content\/uploads\/2021\/11\/Screenshot-2021-11-01-141612-250x157.png 250w\" sizes=\"auto, (max-width: 289px) 100vw, 289px\" \/><\/p>\n<ul>\n<li>indiquez votre date de voyage dans le masque de recherche ci-contre (veuillez tenir compte des jours d&rsquo;arriv\u00e9e sp\u00e9ciaux des forfaits)<\/li>\n<li>Sur la page de s\u00e9lection, cliquez sur l&rsquo;onglet \u00ab\u00a0Offres\u00a0\u00bb.<\/li>\n<li>Choisissez ensuite l&rsquo;offre qui vous convient et suivez les \u00e9tapes suivantes.<\/li>\n<\/ul>\n<p>Nous nous r\u00e9jouissons de vous rencontrer &#8211; \u00e0 bient\u00f4t \u00e0 Flims !<\/p>\n<hr>\n<h2>Informations g\u00e9n\u00e9rales sur les forfaits h\u00f4teliers<\/h2>\n<ul>\n<li>La disponibilit\u00e9 des forfaits peut \u00eatre limit\u00e9e en fonction de la situation de r\u00e9servation.<\/li>\n<li>Tous les prix sont en CHF et s&rsquo;entendent par personne.<\/li>\n<li>Les prix s&rsquo;entendent par personne en chambre double standard<\/li>\n<li>Les jours d&rsquo;arriv\u00e9e indiqu\u00e9s sont valables, une modification de la r\u00e9servation pour un autre jour d&rsquo;arriv\u00e9e n&rsquo;est possible qu&rsquo;avec un suppl\u00e9ment.<\/li>\n<li>Suppl\u00e9ment pour chambre individuelle Fr. 15.- par nuit (double comme simple Sfr. 40.- par nuit)<\/li>\n<li>Sous r\u00e9serve de modifications de prix, pas de remboursement des prestations non utilis\u00e9es<\/li>\n<li>Les \u00e9ventuelles prestations de prestataires tiers (remont\u00e9es m\u00e9caniques, entreprises de transport, etc.) incluses dans le prix sont soumises aux conditions g\u00e9n\u00e9rales de ces prestataires.<\/li>\n<\/ul>\n<h1 style=\"text-align: center;\">Flims est une pure aventure de v\u00e9lo<br \/>\net au Cresta, vous trouverez la d\u00e9tente pure<\/h1>\n<h2 style=\"text-align: center;\">Le v\u00e9lo plaisir| Plaisir du trail| Paradis du v\u00e9lo \u00e9lectrique<\/h2>\n<hr>\n<div data-mode=\"normal\" data-oembed=\"1\" data-provider=\"youtube\" id=\"arve-youtube-aikugktuxcq-12\" class=\"arve\">\n<div class=\"arve-inner\">\n<div class=\"arve-embed arve-embed--has-aspect-ratio\">\n<div class=\"arve-ar\" style=\"padding-top:56.250000%\"><\/div>\n<p>\t\t\t<iframe allow=\"accelerometer &apos;none&apos;;autoplay &apos;none&apos;;bluetooth &apos;none&apos;;browsing-topics &apos;none&apos;;camera &apos;none&apos;;clipboard-read &apos;none&apos;;clipboard-write;display-capture &apos;none&apos;;encrypted-media &apos;none&apos;;gamepad &apos;none&apos;;geolocation &apos;none&apos;;gyroscope &apos;none&apos;;hid &apos;none&apos;;identity-credentials-get &apos;none&apos;;idle-detection &apos;none&apos;;keyboard-map &apos;none&apos;;local-fonts;magnetometer &apos;none&apos;;microphone &apos;none&apos;;midi &apos;none&apos;;otp-credentials &apos;none&apos;;payment &apos;none&apos;;picture-in-picture;publickey-credentials-create &apos;none&apos;;publickey-credentials-get &apos;none&apos;;screen-wake-lock &apos;none&apos;;serial &apos;none&apos;;summarizer &apos;none&apos;;sync-xhr;usb &apos;none&apos;;web-share;window-management &apos;none&apos;;xr-spatial-tracking &apos;none&apos;;\" allowfullscreen=\"\" class=\"arve-iframe fitvidsignore\" credentialless data-arve=\"arve-youtube-aikugktuxcq-12\" data-lenis-prevent=\"\" data-src-no-ap=\"https:\/\/www.youtube-nocookie.com\/embed\/AikugktUXCQ?feature=oembed&amp;iv_load_policy=3&amp;modestbranding=1&amp;rel=0&amp;autohide=1&amp;playsinline=0&amp;autoplay=0\" frameborder=\"0\" height=\"0\" loading=\"lazy\" name=\"\" referrerpolicy=\"strict-origin-when-cross-origin\" sandbox=\"allow-scripts allow-same-origin allow-presentation allow-popups allow-popups-to-escape-sandbox\" scrolling=\"no\" src=\"https:\/\/www.youtube-nocookie.com\/embed\/AikugktUXCQ?feature=oembed&#038;iv_load_policy=3&#038;modestbranding=1&#038;rel=0&#038;autohide=1&#038;playsinline=0&#038;autoplay=0\" title=\"\" width=\"0\"><\/iframe><\/p><\/div>\n<\/p><\/div>\n<p>\t<script type=\"application\/ld+json\">{\"@context\":\"http:\\\/\\\/schema.org\\\/\",\"@id\":\"https:\\\/\\\/www.cresta.ch\\\/fr\\\/region\\\/sommer\\\/biken\\\/#arve-youtube-aikugktuxcq-12\",\"type\":\"VideoObject\",\"embedURL\":\"https:\\\/\\\/www.youtube-nocookie.com\\\/embed\\\/AikugktUXCQ?feature=oembed&iv_load_policy=3&modestbranding=1&rel=0&autohide=1&playsinline=0&autoplay=0\"}<\/script><\/p>\n<\/div>\n<p>Flims est un eldorado pour les v\u00e9t\u00e9tistes. Plus de 300 km de pistes de VTT de tous niveaux de difficult\u00e9 invitent \u00e0 passer des vacances de r\u00eave en VTT.<\/p>\n<p>Outre le parcours de descente \u00ab\u00a0Never End\u00a0\u00bb pour les vrais cracks, le Trek Runcatrail et de nombreux autres tours invitent \u00e9galement les d\u00e9butants et les avanc\u00e9s \u00e0 d\u00e9couvrir la r\u00e9gion en selle. Les nombreux circuits en e-bike offrent de toutes nouvelles possibilit\u00e9s.<\/p>\n<p><strong>Chez nous, \u00e0 l&rsquo;h\u00f4tel, les cyclistes trouvent en outre<\/strong><\/p>\n<ul>\n<li>une possibilit\u00e9 de stationnement s\u00fbr et sec pour les v\u00e9los<\/li>\n<li>une station de lavage pour v\u00e9los<\/li>\n<li>possibilit\u00e9 de laver les v\u00eatements (payant)<\/li>\n<li>Outils de base<\/li>\n<li>Service de panier-repas (moyennant un suppl\u00e9ment)<\/li>\n<\/ul>\n<p>et bien s\u00fbr la d\u00e9tente pure dans notre <a href=\"https:\/\/www.cresta.ch\/fr\/hotel\/garten\/\" target=\"_blank\" rel=\"noopener\">jardin<\/a> et notre <a href=\"https:\/\/www.cresta.ch\/fr\/wellness\/\" target=\"_blank\" rel=\"noopener\">espace bien-\u00eatre<\/a><\/p>\n<p><strong>En outre, vous trouverez dans la r\u00e9gion<\/strong><\/p>\n<ul>\n<li>des ateliers professionnels avec la possibilit\u00e9 de louer des v\u00e9los et d&#8217;emprunter divers \u00e9quipements<\/li>\n<li>diverses stations de recharge pour v\u00e9los \u00e9lectriques<\/li>\n<li>3 Pumptracks &amp; Skill Areas<\/li>\n<li>de nombreux \u00e9v\u00e9nements et manifestations VTT de haut niveau<\/li>\n<\/ul>\n<hr>\n<p>&nbsp;<\/p>\n<h1>&nbsp;<img loading=\"lazy\" decoding=\"async\" class=\"alignnone wp-image-5448 size-medium\" title=\"Wandern in Flims (c) Weisse Arena AG\/Gaudenz Danuser \" src=\"https:\/\/www.cresta.ch\/wp-content\/uploads\/2022\/05\/Biken_Flimserwald_DANUSER_WAG-300x225.jpg\" alt=\"\" width=\"300\" height=\"225\" srcset=\"https:\/\/www.cresta.ch\/wp-content\/uploads\/2022\/05\/Biken_Flimserwald_DANUSER_WAG-300x225.jpg 300w, https:\/\/www.cresta.ch\/wp-content\/uploads\/2022\/05\/Biken_Flimserwald_DANUSER_WAG-768x576.jpg 768w, https:\/\/www.cresta.ch\/wp-content\/uploads\/2022\/05\/Biken_Flimserwald_DANUSER_WAG-250x188.jpg 250w, https:\/\/www.cresta.ch\/wp-content\/uploads\/2022\/05\/Biken_Flimserwald_DANUSER_WAG.jpg 800w\" sizes=\"auto, (max-width: 300px) 100vw, 300px\" \/> <img loading=\"lazy\" decoding=\"async\" class=\"alignnone wp-image-5386 size-medium\" title=\"Erlebniszug Rheinschlucht (c)Rh\u00e4tische Bahn\" src=\"https:\/\/www.cresta.ch\/wp-content\/uploads\/2022\/04\/Bachlauf_Segnesboden_Tschingelhoerner_Flims-300x225.jpg\" alt=\"\" width=\"300\" height=\"225\" srcset=\"https:\/\/www.cresta.ch\/wp-content\/uploads\/2022\/04\/Bachlauf_Segnesboden_Tschingelhoerner_Flims-300x225.jpg 300w, https:\/\/www.cresta.ch\/wp-content\/uploads\/2022\/04\/Bachlauf_Segnesboden_Tschingelhoerner_Flims-768x576.jpg 768w, https:\/\/www.cresta.ch\/wp-content\/uploads\/2022\/04\/Bachlauf_Segnesboden_Tschingelhoerner_Flims-600x450.jpg 600w, https:\/\/www.cresta.ch\/wp-content\/uploads\/2022\/04\/Bachlauf_Segnesboden_Tschingelhoerner_Flims-250x188.jpg 250w, https:\/\/www.cresta.ch\/wp-content\/uploads\/2022\/04\/Bachlauf_Segnesboden_Tschingelhoerner_Flims.jpg 800w\" sizes=\"auto, (max-width: 300px) 100vw, 300px\" \/><\/h1>\n<h1 style=\"text-align: center;\">Offre forfaitaire pour des journ\u00e9es de v\u00e9lo inoubliables \u00e0 Flims<\/h1>\n<p style=\"text-align: left;\">Avec notre forfait v\u00e9lo, vous d\u00e9couvrirez sans peine la r\u00e9gion de vacances de Flims Laax Falera sur deux roues. En plus de l&rsquo;h\u00e9bergement en demi-pension et de l&rsquo;utilisation de notre espace bien-\u00eatre dans le grand jardin, vous b\u00e9n\u00e9ficiez une fois des remont\u00e9es m\u00e9caniques ou des transports publics:<\/p>\n<p style=\"text-align: left;\"><strong>Profitez de notre forfait \u00ab\u00a0Cresta Biketage\u00a0\u00bb et b\u00e9n\u00e9ficiez des prestations suivantes:<\/strong><\/p>\n<ul>\n<li>3 nuits en chambre standard (double ou individuelle, selon le nombre de personnes r\u00e9serv\u00e9) avec acc\u00e8s direct au wellness souterrain.<br \/>\n(jours d&rsquo;arriv\u00e9e possibles dimanche, lundi et mardi)<\/li>\n<li>un copieux buffet de petit-d\u00e9jeuner et un d\u00e9licieux d\u00eener \u00e0 4 plats<\/li>\n<li>Utilisation de notre spacieux centre de bien-\u00eatre \u00ab\u00a0Auas Sparsas\u00a0\u00bb au milieu du grand jardin Cresta avec vue panoramique<\/li>\n<li>1 jour par personne, le ticket v\u00e9lo des remont\u00e9es m\u00e9caniques, qui vous permet d&rsquo;utiliser de mani\u00e8re illimit\u00e9e toutes les remont\u00e9es m\u00e9caniques transportant des v\u00e9los pendant une journ\u00e9e.<br \/>\nou<br \/>\n1 jour par personne le Graub\u00fcnden Pass Bike Nord des Chemins de fer rh\u00e9tiques pour voyager librement avec les transports publics dans la Surselva et au-del\u00e0 (base 1\/2-tax | suppl\u00e9ment sans abonnement 1\/2-tax CHF 10.00 par personne)<\/li>\n<\/ul>\n<p>&nbsp;<\/p>\n<p><strong>Prix <\/strong>(par personne et s\u00e9jour)<strong>:<\/strong><\/p>\n<p><strong>Cresta Biketage<\/strong> | CHF 415.00 saison normale | CHF 460.00 haute saison<\/p>\n<p><a href=\"https:\/\/tbooking.toubiz.de\/TDS00020010350056479\/tbooking?globalReset=1&amp;lang=de\" target=\"_blank\" rel=\"noopener noreferrer\">RESERVEZ MAINTENANT<\/a> (apr\u00e8s avoir saisi les dates de s\u00e9jour, vous trouverez le forfait dans l&rsquo;onglet \u00ab\u00a0Offres\u00a0\u00bb.)<\/p>\n<hr>\n<h2>Comment r\u00e9server des forfaits en ligne&nbsp;<\/h2>\n<p>Nos forfaits peuvent \u00e9galement \u00eatre r\u00e9serv\u00e9s en ligne pour des chambres doubles ou simples standard via notre site web. C&rsquo;est aussi simple que cela pour r\u00e9server les vacances de vos r\u00eaves :<\/p>\n<p><img loading=\"lazy\" decoding=\"async\" class=\"alignright wp-image-5076 size-full\" src=\"https:\/\/www.cresta.ch\/wp-content\/uploads\/2021\/11\/Screenshot-2021-11-01-141612.png\" alt=\"\" width=\"289\" height=\"181\" srcset=\"https:\/\/www.cresta.ch\/wp-content\/uploads\/2021\/11\/Screenshot-2021-11-01-141612.png 289w, https:\/\/www.cresta.ch\/wp-content\/uploads\/2021\/11\/Screenshot-2021-11-01-141612-250x157.png 250w\" sizes=\"auto, (max-width: 289px) 100vw, 289px\" \/><\/p>\n<ul>\n<li>indiquez votre date de voyage dans le masque de recherche ci-contre (veuillez tenir compte des jours d&rsquo;arriv\u00e9e sp\u00e9ciaux des forfaits)<\/li>\n<li>Sur la page de s\u00e9lection, cliquez sur l&rsquo;onglet \u00ab\u00a0Offres\u00a0\u00bb.<\/li>\n<li>Choisissez ensuite l&rsquo;offre qui vous convient et suivez les \u00e9tapes suivantes.<\/li>\n<\/ul>\n<p>Nous nous r\u00e9jouissons de vous rencontrer &#8211; \u00e0 bient\u00f4t \u00e0 Flims !<\/p>\n<hr>\n<h2>Informations g\u00e9n\u00e9rales sur les forfaits h\u00f4teliers<\/h2>\n<ul>\n<li>La disponibilit\u00e9 des forfaits peut \u00eatre limit\u00e9e en fonction de la situation de r\u00e9servation.<\/li>\n<li>Tous les prix sont en CHF et s&rsquo;entendent par personne.<\/li>\n<li>Les prix s&rsquo;entendent par personne en chambre double standard<\/li>\n<li>Les jours d&rsquo;arriv\u00e9e indiqu\u00e9s sont valables, une modification de la r\u00e9servation pour un autre jour d&rsquo;arriv\u00e9e n&rsquo;est possible qu&rsquo;avec un suppl\u00e9ment.<\/li>\n<li>Suppl\u00e9ment pour chambre individuelle Fr. 15.- par nuit (double comme simple Sfr. 40.- par nuit)<\/li>\n<li>Sous r\u00e9serve de modifications de prix, pas de remboursement des prestations non utilis\u00e9es<\/li>\n<li>Les \u00e9ventuelles prestations de prestataires tiers (remont\u00e9es m\u00e9caniques, entreprises de transport, etc.) incluses dans le prix sont soumises aux conditions g\u00e9n\u00e9rales de ces prestataires.<\/li>\n<\/ul>\n<p><\/p>","protected":false},"excerpt":{"rendered":"<p>Flims est une pure aventure de v\u00e9lo et au Cresta, vous trouverez la d\u00e9tente pure Le v\u00e9lo plaisir| Plaisir du trail| Paradis du v\u00e9lo \u00e9lectrique Flims est un eldorado pour les v\u00e9t\u00e9tistes. Plus de 300 km de pistes de VTT de tous niveaux de difficult\u00e9 invitent \u00e0 passer des vacances de r\u00eave en VTT. Outre&#8230;  <a class=\"excerpt-read-more\" href=\"https:\/\/www.cresta.ch\/fr\/region\/sommer\/biken\/\" title=\"Read (Deutsch) Biken\">Read more &raquo;<\/a><\/p>\n","protected":false},"author":2,"featured_media":0,"parent":721,"menu_order":22,"comment_status":"closed","ping_status":"closed","template":"","meta":{"ngg_post_thumbnail":0,"footnotes":"","_links_to":"","_links_to_target":""},"class_list":["post-3305","page","type-page","status-publish","hentry"],"_links":{"self":[{"href":"https:\/\/www.cresta.ch\/fr\/wp-json\/wp\/v2\/pages\/3305","targetHints":{"allow":["GET"]}}],"collection":[{"href":"https:\/\/www.cresta.ch\/fr\/wp-json\/wp\/v2\/pages"}],"about":[{"href":"https:\/\/www.cresta.ch\/fr\/wp-json\/wp\/v2\/types\/page"}],"author":[{"embeddable":true,"href":"https:\/\/www.cresta.ch\/fr\/wp-json\/wp\/v2\/users\/2"}],"replies":[{"embeddable":true,"href":"https:\/\/www.cresta.ch\/fr\/wp-json\/wp\/v2\/comments?post=3305"}],"version-history":[{"count":5,"href":"https:\/\/www.cresta.ch\/fr\/wp-json\/wp\/v2\/pages\/3305\/revisions"}],"predecessor-version":[{"id":6138,"href":"https:\/\/www.cresta.ch\/fr\/wp-json\/wp\/v2\/pages\/3305\/revisions\/6138"}],"up":[{"embeddable":true,"href":"https:\/\/www.cresta.ch\/fr\/wp-json\/wp\/v2\/pages\/721"}],"wp:attachment":[{"href":"https:\/\/www.cresta.ch\/fr\/wp-json\/wp\/v2\/media?parent=3305"}],"curies":[{"name":"wp","href":"https:\/\/api.w.org\/{rel}","templated":true}]}}